{"id":4510,"date":"2016-12-25T16:49:15","date_gmt":"2016-12-25T21:49:15","guid":{"rendered":"http:\/\/104.196.199.248\/?page_id=4510"},"modified":"2020-09-30T13:38:09","modified_gmt":"2020-09-30T17:38:09","slug":"publications","status":"publish","type":"page","link":"https:\/\/atlasbarz.ca\/en\/publications\/","title":{"rendered":"Publications"},"content":{"rendered":"<section  class=\"section custom-padding margin_b_40\"><div class=\"row vc_row-fluid\"><div class=\"wpb_column col-md-12 no-padding\"><div class=\"section-text text-block custom-font-text-1777591782-1254058854 align-left\"  data-when=\"enter\" data-from=\"0\" data-to=\"0\" data-opacity=\"0\"><p><strong>(Publications below only available in French)<\/strong><\/p>\n<\/div><\/div><\/div><\/section><section  class=\"section margin_t_60 shadowed2\"><div class=\"row vc_row-fluid\"><div class=\"wpb_column col-md-12 no-padding\"><div class=\"section-text text-block custom-font-text-1777591782-1573545363 align-left\"  data-when=\"enter\" data-from=\"0\" data-to=\"0\" data-opacity=\"0\"><h3 class=\"entry-title\">D\u00e9voilement des nouvelles installations r\u00e9cr\u00e9atives de Saint-Urbain-Premier<\/h3>\n<hr \/>\n<h4>30 ao\u00fbt 2020 &#8211; PAR INFOSUROIT.COM<\/h4>\n<div id=\"N3b902b7b3bb546d394fb596efbc6d78c_N32faf49f049a4213a4b2be08d345c914_Nb2032d3a1123493f97dacdfc15c75de4_Nc1831dbc13d6493bba69b4945136d83b_N6b45c2fe29574e0fa04591ad5b6094ea_N2670c976d49d4f1fbab7e8bfa6a3cc6f_N0bc29175f0b54e30b1180770b77ceb97_N11ea21046d8c43e9b25233656b3a1436_N9f5fa9e2dace46b3a6f7428da9c1ad5c_Nda79920f91714e1c952130990dd4c618\" class=\"Nda79920f91714e1c952130990dd4c618 complet\" data-staticclassnames=\"Nda79920f91714e1c952130990dd4c618 complet\"><\/div>\n<\/div><img loading=\"lazy\" decoding=\"async\"  class=\"align-center\"  src=\"https:\/\/atlasbarz.ca\/wp-content\/uploads\/2020\/07\/modulez-abz-02.jpg\"  width=\"662\" height=\"457\" alt=\"modulez abz 02 Publications\"  title=\"Publications\" \/><div class=\"section-text text-block custom-font-text-1777591782-661853083 align-left\"  data-when=\"enter\" data-from=\"0\" data-to=\"0\" data-opacity=\"0\"><div id=\"N3b902b7b3bb546d394fb596efbc6d78c_N32faf49f049a4213a4b2be08d345c914_Nb2032d3a1123493f97dacdfc15c75de4_Nc1831dbc13d6493bba69b4945136d83b_N6b45c2fe29574e0fa04591ad5b6094ea_N2670c976d49d4f1fbab7e8bfa6a3cc6f_N0bc29175f0b54e30b1180770b77ceb97_N11ea21046d8c43e9b25233656b3a1436_N9f5fa9e2dace46b3a6f7428da9c1ad5c_Nda79920f91714e1c952130990dd4c618\" class=\"Nda79920f91714e1c952130990dd4c618 complet\" data-staticclassnames=\"Nda79920f91714e1c952130990dd4c618 complet\">\n<p><strong>SAINT-URBAIN-PREMIER. Un projet polyvalent et accessible<\/strong><\/p>\n<p>\u00ab Le Comit\u00e9 des Loisirs de la\u00a0<a href=\"http:\/\/www.saint-urbain-premier.com\/\" target=\"_blank\" rel=\"noopener noreferrer\">Municipalit\u00e9 de Saint-Urbain-Premier<\/a>\u00a0a finalement d\u00e9voil\u00e9 le 30 ao\u00fbt le r\u00e9sultat de plus de deux ans de travail, soit ses toutes nouvelles installations ext\u00e9rieures r\u00e9cr\u00e9atives et d\u2019entra\u00eenement au parc Jean-Guy-Ste-Marie, en compagnie de plusieurs \u00e9lus du territoire. De nombreuses activit\u00e9s y sont pr\u00e9vues, incluant des cours de conditionnement physique ext\u00e9rieurs, des conf\u00e9rences sur le jardinage, la sant\u00e9 et le bien-\u00eatre, des activit\u00e9s jeunes-a\u00een\u00e9s et des \u00e9v\u00e8nements ponctuels. La\u00a0<a href=\"https:\/\/www.mrc-beauharnois-salaberry.com\/\" target=\"_blank\" rel=\"noopener noreferrer\">MRC de Beauharnois-Salaberry<\/a>\u00a0a contribu\u00e9 \u00e0 la concr\u00e9tisation du projet gr\u00e2ce \u00e0 son Fonds de D\u00e9veloppement des territoires ruraux. \u00bb<\/p>\n<p>&nbsp;<\/p>\n<p>L&#8217;article complet est disponible ici :\u00a0<a href=\"https:\/\/www.infosuroit.com\/devoilement-des-nouvelles-installations-recreatives-de-saint-urbain-premier\/\">Inauguration d\u2019un parc d&#8217;entra\u00eenement ext\u00e9rieur \u00e0 Saint-Urbain-Premier<\/a><\/p>\n<\/div>\n<\/div><\/div><\/div><\/section><section  class=\"section margin_t_60 shadowed2\"><div class=\"row vc_row-fluid\"><div class=\"wpb_column col-md-12 no-padding\"><div class=\"section-text text-block custom-font-text-1777591782-501015283 align-left\"  data-when=\"enter\" data-from=\"0\" data-to=\"0\" data-opacity=\"0\"><h3 class=\"entry-title\">AtlasBarz \u00e0 Salut Bonjour !<\/h3>\n<hr \/>\n<h4>5 mai 2020 &#8211; PAR GINO CHOUINARD<\/h4>\n<div id=\"N3b902b7b3bb546d394fb596efbc6d78c_N32faf49f049a4213a4b2be08d345c914_Nb2032d3a1123493f97dacdfc15c75de4_Nc1831dbc13d6493bba69b4945136d83b_N6b45c2fe29574e0fa04591ad5b6094ea_N2670c976d49d4f1fbab7e8bfa6a3cc6f_N0bc29175f0b54e30b1180770b77ceb97_N11ea21046d8c43e9b25233656b3a1436_N9f5fa9e2dace46b3a6f7428da9c1ad5c_Nda79920f91714e1c952130990dd4c618\" class=\"Nda79920f91714e1c952130990dd4c618 complet\" data-staticclassnames=\"Nda79920f91714e1c952130990dd4c618 complet\"><\/div>\n<\/div><img loading=\"lazy\" decoding=\"async\"  class=\"align-center\"  src=\"https:\/\/atlasbarz.ca\/wp-content\/uploads\/2016\/05\/Entrevue-AtlasBarz-Ezstep-Salut-Bonjour.png\"  width=\"662\" height=\"457\" alt=\"Entrevue AtlasBarz Ezstep Salut Bonjour Publications\"  title=\"Publications\" \/><div class=\"section-text text-block custom-font-text-1777591782-1276473569 align-left\"  data-when=\"enter\" data-from=\"0\" data-to=\"0\" data-opacity=\"0\"><div id=\"N3b902b7b3bb546d394fb596efbc6d78c_N32faf49f049a4213a4b2be08d345c914_Nb2032d3a1123493f97dacdfc15c75de4_Nc1831dbc13d6493bba69b4945136d83b_N6b45c2fe29574e0fa04591ad5b6094ea_N2670c976d49d4f1fbab7e8bfa6a3cc6f_N0bc29175f0b54e30b1180770b77ceb97_N11ea21046d8c43e9b25233656b3a1436_N9f5fa9e2dace46b3a6f7428da9c1ad5c_Nda79920f91714e1c952130990dd4c618\" class=\"Nda79920f91714e1c952130990dd4c618 complet\" data-staticclassnames=\"Nda79920f91714e1c952130990dd4c618 complet\">\n<p><strong>MONTR\u00c9AL. BIEN D&#8217;ICI | L&#8217;entreprise qu\u00e9b\u00e9coise AtlasBarz diversifie sa production et apporte de nouvelles solutions en temps de pand\u00e9mie<\/strong><\/p>\n<p>En direct sur la populaire \u00e9mission matinale, Salut Bonjour, notre pr\u00e9sident Thierry Darrigrand a eu le privil\u00e8ge de pr\u00e9senter les bienfaits de notre nouvelle poign\u00e9e pour ouvrir les portes avec le pied <a href=\"http:\/\/www.ezstep.ca\">Ezstep<\/a>. Nous avons pu \u00e9galement glisser un mot sur notre nouveau module r\u00e9sidentiel pour s&#8217;entra\u00eener en plein air de la maison, le module <a href=\"http:\/\/www.ezbarz.ca\">Ezbarz<\/a>.<\/p>\n<p>L\u2019article complet est disponible ici : <a href=\"https:\/\/www.salutbonjour.ca\/2020\/05\/05\/bien-dici-ez-step-datlasbarz\">Bien d&#8217;Ici, AtlasBarz<\/a><\/p>\n<p>Pour voir le vid\u00e9o sur Youtube : <a href=\"https:\/\/www.youtube.com\/watch?v=DabQtihRak0&amp;t=13s\">Entrevue vid\u00e9o AtlasBarz \u00e0 Salut Bonjour, 5 mai 2020<\/a><\/p>\n<\/div>\n<\/div><\/div><\/div><\/section><section  class=\"section margin_t_40 shadowed2\"><div class=\"row vc_row-fluid\"><div class=\"wpb_column col-md-12 no-padding\"><div class=\"section-text text-block custom-font-text-1777591782-863120471 align-left\"  data-when=\"enter\" data-from=\"0\" data-to=\"0\" data-opacity=\"0\"><h3 class=\"entry-title\">Des modules pour s\u2019entra\u00eener dans les parcs<\/h3>\n<hr \/>\n<h4>21 mai 2019 &#8211; PAR MARTINE VEILLETTE<\/h4>\n<div id=\"N3b902b7b3bb546d394fb596efbc6d78c_N32faf49f049a4213a4b2be08d345c914_Nb2032d3a1123493f97dacdfc15c75de4_Nc1831dbc13d6493bba69b4945136d83b_N6b45c2fe29574e0fa04591ad5b6094ea_N2670c976d49d4f1fbab7e8bfa6a3cc6f_N0bc29175f0b54e30b1180770b77ceb97_N11ea21046d8c43e9b25233656b3a1436_N9f5fa9e2dace46b3a6f7428da9c1ad5c_Nda79920f91714e1c952130990dd4c618\" class=\"Nda79920f91714e1c952130990dd4c618 complet\" data-staticclassnames=\"Nda79920f91714e1c952130990dd4c618 complet\"><\/div>\n<\/div><img loading=\"lazy\" decoding=\"async\"  class=\"align-center\"  src=\"https:\/\/atlasbarz.ca\/wp-content\/uploads\/2016\/09\/exercice-sur-banc-de-parc.jpg\"  width=\"662\" height=\"457\" alt=\"exercice sur banc de parc Publications\"  title=\"Publications\" \/><div class=\"section-text text-block custom-font-text-1777591782-1418756728 align-left\"  data-when=\"enter\" data-from=\"0\" data-to=\"0\" data-opacity=\"0\"><div id=\"N3b902b7b3bb546d394fb596efbc6d78c_N32faf49f049a4213a4b2be08d345c914_Nb2032d3a1123493f97dacdfc15c75de4_Nc1831dbc13d6493bba69b4945136d83b_N6b45c2fe29574e0fa04591ad5b6094ea_N2670c976d49d4f1fbab7e8bfa6a3cc6f_N0bc29175f0b54e30b1180770b77ceb97_N11ea21046d8c43e9b25233656b3a1436_N9f5fa9e2dace46b3a6f7428da9c1ad5c_Nda79920f91714e1c952130990dd4c618\" class=\"Nda79920f91714e1c952130990dd4c618 complet\" data-staticclassnames=\"Nda79920f91714e1c952130990dd4c618 complet\">\n<p><strong>CHAMBLY. Les citoyens qui fr\u00e9quentent le parc des Patriotes \u00e0 Chambly ne savent peut-\u00eatre pas que les modules d\u2019entra\u00eenement qui s\u2019y trouvent sont con\u00e7us dans leur ville et fabriqu\u00e9s en Mont\u00e9r\u00e9gie.<\/strong><\/p>\n<p>Depuis quelques ann\u00e9es seulement, Thierry Darrigrand, r\u00e9sidant de Chambly, et son ami Marc-Andr\u00e9 Croteau cr\u00e9ent des modules qui permettent autant aux novices qu\u2019aux experts, peu importe leur \u00e2ge, de bouger. Leur but derri\u00e8re leur entreprise, les \u00c9quipements AtlasBarz, est de permettre \u00e0 tous de pouvoir s\u2019entra\u00eener et ainsi promouvoir les saines habitudes de vie chez tout le monde.<\/p>\n<p><strong>La compagnie indique se distinguer en cr\u00e9ant, pour les parcs, les \u00e9coles ou les entreprises, des exerciseurs sur mesure qui sont durables et uniques puisqu\u2019ils sont con\u00e7us selon les besoins.<\/strong><\/p>\n<p>L\u2019id\u00e9e a germ\u00e9 en 2014. Les deux amis s\u2019entra\u00eenaient dans un parc. \u00ab On n\u2019avait pas l\u2019argent pour s\u2019entra\u00eener dans un gym \u00bb, souligne M. Darrigrand. Ils trouvaient qu\u2019il y avait un probl\u00e8me de durabilit\u00e9 et que les modules n\u2019\u00e9taient pas adapt\u00e9s.<\/p>\n<p>L\u2019article complet est disponible ici : <a href=\"https:\/\/www.journaldechambly.com\/des-modules-pour-sentrainer-dans-les-parcs\/\" target=\"_blank\" rel=\"noopener noreferrer\">https:\/\/www.journaldechambly.com\/des-modules-pour-sentrainer-dans-les-parcs\/<\/a><\/p>\n<\/div>\n<\/div><\/div><\/div><\/section><section  class=\"section margin_t_60 shadowed2\"><div class=\"row vc_row-fluid\"><div class=\"wpb_column col-md-12 no-padding\"><div class=\"section-text text-block custom-font-text-1777591782-1764897563 align-left\"  data-when=\"enter\" data-from=\"0\" data-to=\"0\" data-opacity=\"0\"><h3 class=\"entry-title\">Des entreprises de Chambly et Carignan \u00e0 l&#8217;honneur<\/h3>\n<hr \/>\n<h4>11 avril 2019 &#8211; PAR FR\u00c9D\u00c9RIC KHALKHAL<\/h4>\n<div id=\"N3b902b7b3bb546d394fb596efbc6d78c_N32faf49f049a4213a4b2be08d345c914_Nb2032d3a1123493f97dacdfc15c75de4_Nc1831dbc13d6493bba69b4945136d83b_N6b45c2fe29574e0fa04591ad5b6094ea_N2670c976d49d4f1fbab7e8bfa6a3cc6f_N0bc29175f0b54e30b1180770b77ceb97_N11ea21046d8c43e9b25233656b3a1436_N9f5fa9e2dace46b3a6f7428da9c1ad5c_Na5bf3cb0a371452ea6be901caec2a501\" class=\"Na5bf3cb0a371452ea6be901caec2a501 intro\" data-staticclassnames=\"Na5bf3cb0a371452ea6be901caec2a501 intro\"><\/div>\n<div id=\"N3b902b7b3bb546d394fb596efbc6d78c_N32faf49f049a4213a4b2be08d345c914_Nb2032d3a1123493f97dacdfc15c75de4_Nc1831dbc13d6493bba69b4945136d83b_N6b45c2fe29574e0fa04591ad5b6094ea_N2670c976d49d4f1fbab7e8bfa6a3cc6f_N0bc29175f0b54e30b1180770b77ceb97_N11ea21046d8c43e9b25233656b3a1436_N9f5fa9e2dace46b3a6f7428da9c1ad5c_Nda79920f91714e1c952130990dd4c618\" class=\"Nda79920f91714e1c952130990dd4c618 complet\" data-staticclassnames=\"Nda79920f91714e1c952130990dd4c618 complet\"><\/div>\n<\/div><img loading=\"lazy\" decoding=\"async\"  class=\"align-center\"  src=\"https:\/\/atlasbarz.ca\/wp-content\/uploads\/app\/Parcs\/Ecole-du-Boise-Sept-Iles\/module-enfant-atlasbarz-1000x750.jpg\"  width=\"662\" height=\"457\" alt=\"module enfant atlasbarz 1000x750 Publications\"  title=\"Publications\" \/><div class=\"section-text text-block custom-font-text-1777591782-1478775922 align-left\"  data-when=\"enter\" data-from=\"0\" data-to=\"0\" data-opacity=\"0\"><p><strong>La Mont\u00e9r\u00e9gie, plus entreprenante que jamais, honore les huit entrepreneurs laur\u00e9ats d\u2019une bourse de 25 000 $, dont une entreprise de Chambly et une de Carignan.\u00a0<\/strong><\/p>\n<p>Lors de l\u2019\u00e9v\u00e9nement LADN Mont\u00e9r\u00e9gie, qui s\u2019est tenu le 12 mars dernier, la Table d\u2019action en entrepreneuriat de la Mont\u00e9r\u00e9gie, en collaboration avec le minist\u00e8re de l\u2019\u00c9conomie et de l\u2019Innovation (MEI), a annonc\u00e9 les huit entrepreneurs laur\u00e9ats d\u2019une bourse de 25 000 $ ainsi que d\u2019un accompagnement d\u2019un an, sans frais, par le service de mentorat du R\u00e9seau M de la Fondation de l\u2019entrepreneurship.<br \/>\nEn effet, afin de compl\u00e9ter l\u2019offre de financement traditionnel et de stimuler l\u2019entrepreneuriat au Qu\u00e9bec, le gouvernement octroie des Bourses d\u2019honneur, d\u2019une valeur de 25 000 $ chacune, \u00e0 des entrepreneurs de 18 \u00e0 35 ans qui m\u00e8nent un projet visant la cr\u00e9ation d\u2019une nouvelle entreprise ou encore le d\u00e9veloppement d\u2019une entreprise en activit\u00e9 depuis moins de cinq ans.<br \/>\nEn plus de repr\u00e9senter un levier incitatif pour les entrepreneurs qui souhaitent lancer leur entreprise ou poursuivre leur d\u00e9veloppement, les bourses d\u2019honneur visent \u00e0 reconna\u00eetre l\u2019esprit et les atouts entrepreneuriaux tels le sens de la d\u00e9termination, l\u2019audace et l\u2019esprit novateur.<\/p>\n<div id=\"N3b902b7b3bb546d394fb596efbc6d78c_N32faf49f049a4213a4b2be08d345c914_Nb2032d3a1123493f97dacdfc15c75de4_Nc1831dbc13d6493bba69b4945136d83b_N6b45c2fe29574e0fa04591ad5b6094ea_N2670c976d49d4f1fbab7e8bfa6a3cc6f_N0bc29175f0b54e30b1180770b77ceb97_N11ea21046d8c43e9b25233656b3a1436_N9f5fa9e2dace46b3a6f7428da9c1ad5c_Nda79920f91714e1c952130990dd4c618\" class=\"Nda79920f91714e1c952130990dd4c618 complet\" data-staticclassnames=\"Nda79920f91714e1c952130990dd4c618 complet\">\n<h4>700 candidatures<\/h4>\n<p>C\u2019est pr\u00e8s de 700 candidatures, en provenance de toutes les r\u00e9gions du Qu\u00e9bec, qui ont \u00e9t\u00e9 re\u00e7ues et analys\u00e9es pour cette premi\u00e8re \u00e9dition.<br \/>\nLes laur\u00e9ats ont \u00e9t\u00e9 choisis parmi les finalistes r\u00e9gionaux lors d\u2019une pr\u00e9sentation devant un jury compos\u00e9 de membres de la Table d\u2019action en entrepreneuriat (TAE) de leur r\u00e9gion.<\/p>\n<p>Parmi les huit r\u00e9cipiendaires des Bourses d\u2019honneur de l\u2019\u00e9dition 2018, une entreprise de Chambly et une de Carignan ont r\u00e9colt\u00e9 la palme.<br \/>\n<strong>Thierry Darrigrand, pour Les \u00e9quipements AtlasBarz, \u00e0 Chambly, conseille et con\u00e7oit des gyms en plein air en fonction de client\u00e8les cibl\u00e9es. \u00ab Nous concevons tous nos \u00e9quipements sur mesure afin de r\u00e9pondre \u00e0 vos besoins sp\u00e9cifiques \u00bb, explique l\u2019entreprise sur son site.<\/strong><\/p>\n<p>L\u2019article complet est disponible ici : <a href=\"https:\/\/www.journaldechambly.com\/des-entreprises-de-chambly-et-de-carignan-a-lhonneur\/\" target=\"_blank\" rel=\"noopener noreferrer\">https:\/\/www.journaldechambly.com\/des-entreprises-de-chambly-et-de-carignan-a-lhonneur\/<\/a><\/p>\n<\/div>\n<\/div><\/div><\/div><\/section><section  class=\"section margin_t_60 shadowed2\"><div class=\"row vc_row-fluid\"><div class=\"wpb_column col-md-12 no-padding\"><div class=\"section-text text-block custom-font-text-1777591782-876480860 align-left\"  data-when=\"enter\" data-from=\"0\" data-to=\"0\" data-opacity=\"0\"><h3 class=\"entry-title\">AtlasBarz adopt\u00e9 par Desjardins !<\/h3>\n<hr \/>\n<h4>24 janvier 2019 &#8211; PAR ATLASBARZ<\/h4>\n<div id=\"N3b902b7b3bb546d394fb596efbc6d78c_N32faf49f049a4213a4b2be08d345c914_Nb2032d3a1123493f97dacdfc15c75de4_Nc1831dbc13d6493bba69b4945136d83b_N6b45c2fe29574e0fa04591ad5b6094ea_N2670c976d49d4f1fbab7e8bfa6a3cc6f_N0bc29175f0b54e30b1180770b77ceb97_N11ea21046d8c43e9b25233656b3a1436_N9f5fa9e2dace46b3a6f7428da9c1ad5c_Na5bf3cb0a371452ea6be901caec2a501\" class=\"Na5bf3cb0a371452ea6be901caec2a501 intro\" data-staticclassnames=\"Na5bf3cb0a371452ea6be901caec2a501 intro\"><\/div>\n<div id=\"N3b902b7b3bb546d394fb596efbc6d78c_N32faf49f049a4213a4b2be08d345c914_Nb2032d3a1123493f97dacdfc15c75de4_Nc1831dbc13d6493bba69b4945136d83b_N6b45c2fe29574e0fa04591ad5b6094ea_N2670c976d49d4f1fbab7e8bfa6a3cc6f_N0bc29175f0b54e30b1180770b77ceb97_N11ea21046d8c43e9b25233656b3a1436_N9f5fa9e2dace46b3a6f7428da9c1ad5c_Nda79920f91714e1c952130990dd4c618\" class=\"Nda79920f91714e1c952130990dd4c618 complet\" data-staticclassnames=\"Nda79920f91714e1c952130990dd4c618 complet\"><\/div>\n<\/div><img loading=\"lazy\" decoding=\"async\"  class=\"align-center\"  src=\"https:\/\/atlasbarz.ca\/wp-content\/uploads\/2019\/07\/adopte-inc-atlasbarz-2019-thierry-darrigrand-desjardins.jpg\"  width=\"662\" height=\"457\" alt=\"adopte inc atlasbarz 2019 thierry darrigrand desjardins Publications\"  title=\"Publications\" \/><div class=\"section-text text-block custom-font-text-1777591782-1570222410 align-left\"  data-when=\"enter\" data-from=\"0\" data-to=\"0\" data-opacity=\"0\"><p>C&#8217;est avec grande fiert\u00e9 que notre cofondateur, Thierry Darrigrand fut \u00abadopt\u00e9\u00bb par Jean-Yves Bourgeois, VP des march\u00e9s des capitaux chez Desjardins dans le cadre de la 3e cohorte du mouvement <strong>Adopte Inc<\/strong> ! Ce soutien important apporte non seulement une aide financi\u00e8re au d\u00e9veloppement de notre entreprise, mais \u00e9galement un coaching de qualit\u00e9 par un mentor de haute pointure.<\/p>\n<p>Un \u00e9norme merci \u00e0 Adopte Inc et <a href=\"https:\/\/www.desjardins.com\/\" target=\"_blank\" rel=\"noopener noreferrer\">Desjardins<\/a> pour cette reconnaissance et votre aide!<\/p>\n<p>Qu&#8217;est-ce que le mouvement Adopte Inc?<br \/>\nAdopte inc. cr\u00e9e des ponts entre les entrepreneurs ayant du succ\u00e8s (les adopteurs) et ceux qui sont \u00e0 la t\u00eate d\u2019entreprises \u00e9mergentes (les adopt\u00e9s).<\/p>\n<p>C\u2019est une exp\u00e9rience entrepreneuriale unique qui vise \u00e0 donner un coup de pouce \u00e0 la rel\u00e8ve, tant sur le plan financier que strat\u00e9gique, \u00e0 un moment de la vie de l\u2019entreprise qui est bien souvent critique et jalonn\u00e9 d\u2019emb\u00fbches : les d\u00e9buts.<br \/>\nPour en savoir plus, c&#8217;est par ici: <a href=\"https:\/\/www.adopte-inc.com\/fr\" target=\"_blank\" rel=\"noopener noreferrer\">https:\/\/www.adopte-inc.com\/fr<\/a><\/p>\n<div id=\"N3b902b7b3bb546d394fb596efbc6d78c_N32faf49f049a4213a4b2be08d345c914_Nb2032d3a1123493f97dacdfc15c75de4_Nc1831dbc13d6493bba69b4945136d83b_N6b45c2fe29574e0fa04591ad5b6094ea_N2670c976d49d4f1fbab7e8bfa6a3cc6f_N0bc29175f0b54e30b1180770b77ceb97_N11ea21046d8c43e9b25233656b3a1436_N9f5fa9e2dace46b3a6f7428da9c1ad5c_Nda79920f91714e1c952130990dd4c618\" class=\"Nda79920f91714e1c952130990dd4c618 complet\" data-staticclassnames=\"Nda79920f91714e1c952130990dd4c618 complet\"><\/div>\n<\/div><\/div><\/div><\/section><section  class=\"section margin_t_60 shadowed2\"><div class=\"row vc_row-fluid\"><div class=\"wpb_column col-md-12 no-padding\"><div class=\"section-text text-block custom-font-text-1777591782-1639023197 align-left\"  data-when=\"enter\" data-from=\"0\" data-to=\"0\" data-opacity=\"0\"><h3 class=\"entry-title\">Inauguration d\u2019un parc interg\u00e9n\u00e9rationnel \u00e0 Danville<\/h3>\n<hr \/>\n<h4>24 octobre 2018 &#8211;\u00a0PAR ACTUALIT\u00c9S L&#8217;\u00c9TINCELLE<\/h4>\n<div id=\"N3b902b7b3bb546d394fb596efbc6d78c_N32faf49f049a4213a4b2be08d345c914_Nb2032d3a1123493f97dacdfc15c75de4_Nc1831dbc13d6493bba69b4945136d83b_N6b45c2fe29574e0fa04591ad5b6094ea_N2670c976d49d4f1fbab7e8bfa6a3cc6f_N0bc29175f0b54e30b1180770b77ceb97_N11ea21046d8c43e9b25233656b3a1436_N9f5fa9e2dace46b3a6f7428da9c1ad5c_Na5bf3cb0a371452ea6be901caec2a501\" class=\"Na5bf3cb0a371452ea6be901caec2a501 intro\" data-staticclassnames=\"Na5bf3cb0a371452ea6be901caec2a501 intro\"><\/div>\n<div id=\"N3b902b7b3bb546d394fb596efbc6d78c_N32faf49f049a4213a4b2be08d345c914_Nb2032d3a1123493f97dacdfc15c75de4_Nc1831dbc13d6493bba69b4945136d83b_N6b45c2fe29574e0fa04591ad5b6094ea_N2670c976d49d4f1fbab7e8bfa6a3cc6f_N0bc29175f0b54e30b1180770b77ceb97_N11ea21046d8c43e9b25233656b3a1436_N9f5fa9e2dace46b3a6f7428da9c1ad5c_Nda79920f91714e1c952130990dd4c618\" class=\"Nda79920f91714e1c952130990dd4c618 complet\" data-staticclassnames=\"Nda79920f91714e1c952130990dd4c618 complet\"><\/div>\n<\/div><img loading=\"lazy\" decoding=\"async\"  class=\"align-center\"  src=\"https:\/\/atlasbarz.ca\/wp-content\/uploads\/2018\/11\/inauguration-danville-ruban.jpg\"  width=\"662\" height=\"457\" alt=\"inauguration danville ruban Publications\"  title=\"Publications\" \/><div class=\"section-text text-block custom-font-text-1777591782-225883151 align-left\"  data-when=\"enter\" data-from=\"0\" data-to=\"0\" data-opacity=\"0\"><p>\u00ab\u00a0La ville de Danville \u00e9tait fi\u00e8re de proc\u00e9der \u00e0 l\u2019inauguration officielle de son parc interg\u00e9n\u00e9rationnel le 17 octobre dernier, celui qui se situe aux abords de l\u2019h\u00f4tel de ville et tout pr\u00e8s de l\u2019\u00e9tang Burbank. Selon madame Nathalie Boiss\u00e9, conseill\u00e8re municipale responsable du projet, il s\u2019agit d\u2019un pas d\u2019engagement marqu\u00e9 de la part de la municipalit\u00e9 par son\u00a0<strong>programme de politique familiale MADA (municipalit\u00e9 amie des ain\u00e9es)<\/strong>, \u00e0 soutenir la vision de vivre et vieillir ensemble. \u00abLe projet de ce parc au parcours d\u2019exercices est le r\u00e9sultat d\u2019une consultation publique tenue il y a plusieurs mois aupr\u00e8s de nos ain\u00e9s afin de savoir et de bien comprendre ce qu\u2019ils aimeraient pour faciliter l\u2019activit\u00e9 physique. Ceux-ci nous ont clairement signifi\u00e9 leurs int\u00e9r\u00eats \u00e0 profiter de ce type d\u2019installations et ils se sont grandement impliqu\u00e9s dans toutes les d\u00e9marches pour l\u2019obtention du r\u00e9sultat que nous avons aujourd\u2019hui.\u00a0<strong>Des crit\u00e8res bien pr\u00e9cis \u00e9taient vis\u00e9s dans leurs demandes, ce qui nous a amen\u00e9s \u00e0 retenir les services de l\u2019entreprise AtlasBarz de Chambly afin de bien y r\u00e9pondre<\/strong>.\u00a0\u00bb\u00a0[&#8230;]<\/p>\n<p>Cette r\u00e9alisation a \u00e9t\u00e9 rendue possible par l\u2019octroi d\u2019une\u00a0<strong>subvention<\/strong>\u00a0de l\u2019ordre de 25000 dollars de la part du gouvernement f\u00e9d\u00e9ral via\u00a0<strong>le programme \u00abNouveaux Horizons\u00bb<\/strong>\u00a0et la ville de Danville a d\u00e9fray\u00e9 la totalit\u00e9 des co\u00fbts restants au projet. \u00bb<\/p>\n<p>L&#8217;article complet est disponible ici :\u00a0<a href=\"http:\/\/www.letincelle.qc.ca\/actualites\/actualites\/348026\/inauguration-dun-parc-intergenerationnel-a-danville\">Inauguration d\u2019un parc interg\u00e9n\u00e9rationnel \u00e0 Danville<\/a><\/p>\n<\/div><\/div><\/div><\/section><section  class=\"section margin_t_60 shadowed2\"><div class=\"row vc_row-fluid\"><div class=\"wpb_column col-md-12 no-padding\"><div class=\"section-text text-block custom-font-text-1777591782-428672538 align-left\"  data-when=\"enter\" data-from=\"0\" data-to=\"0\" data-opacity=\"0\"><h3 class=\"entry-title\">Nouvelles installations interg\u00e9n\u00e9rationnelles au parc Albini-Gemme de Saint-Amable<\/h3>\n<hr \/>\n<h4>26 septembre 2018 &#8211;\u00a0PAR\u00a0LA REL\u00c8VE<\/h4>\n<div id=\"N3b902b7b3bb546d394fb596efbc6d78c_N32faf49f049a4213a4b2be08d345c914_Nb2032d3a1123493f97dacdfc15c75de4_Nc1831dbc13d6493bba69b4945136d83b_N6b45c2fe29574e0fa04591ad5b6094ea_N2670c976d49d4f1fbab7e8bfa6a3cc6f_N0bc29175f0b54e30b1180770b77ceb97_N11ea21046d8c43e9b25233656b3a1436_N9f5fa9e2dace46b3a6f7428da9c1ad5c_Na5bf3cb0a371452ea6be901caec2a501\" class=\"Na5bf3cb0a371452ea6be901caec2a501 intro\" data-staticclassnames=\"Na5bf3cb0a371452ea6be901caec2a501 intro\"><\/div>\n<div id=\"N3b902b7b3bb546d394fb596efbc6d78c_N32faf49f049a4213a4b2be08d345c914_Nb2032d3a1123493f97dacdfc15c75de4_Nc1831dbc13d6493bba69b4945136d83b_N6b45c2fe29574e0fa04591ad5b6094ea_N2670c976d49d4f1fbab7e8bfa6a3cc6f_N0bc29175f0b54e30b1180770b77ceb97_N11ea21046d8c43e9b25233656b3a1436_N9f5fa9e2dace46b3a6f7428da9c1ad5c_Nda79920f91714e1c952130990dd4c618\" class=\"Nda79920f91714e1c952130990dd4c618 complet\" data-staticclassnames=\"Nda79920f91714e1c952130990dd4c618 complet\"><\/div>\n<\/div><img loading=\"lazy\" decoding=\"async\"  class=\"align-center\"  src=\"https:\/\/atlasbarz.ca\/wp-content\/uploads\/2018\/10\/Inauguration-Parc-Albini-Gemme-AtlasBarz.jpg\"  width=\"940\" height=\"529\" alt=\"Inauguration Parc Albini Gemme AtlasBarz Publications\"  title=\"Publications\" \/><div class=\"section-text text-block custom-font-text-1777591782-1076821338 align-left\"  data-when=\"enter\" data-from=\"0\" data-to=\"0\" data-opacity=\"0\"><p>\u00ab\u00a0La Municipalit\u00e9 de Saint-Amable a inaugur\u00e9 officiellement les nouvelles <strong>installations interg\u00e9n\u00e9rationnelles<\/strong> du parc Albini-Gemme le samedi 22 septembre 2018. R\u00e9alis\u00e9e dans le cadre d\u2019une initiative du plan d\u2019action 2015-2018 de l\u2019accr\u00e9ditation <strong>Municipalit\u00e9 amie des a\u00een\u00e9s (MADA)<\/strong>, le projet d\u2019am\u00e9nagement et d\u2019embellissement du parc s\u2019est concr\u00e9tis\u00e9 au cours de l\u2019\u00e9t\u00e9. [&#8230;]<\/p>\n<p>Le Parcours Sant\u00e9 se veut en fait l\u2019\u00e9quivalent d\u2019une <strong>s\u00e9ance d\u2019entra\u00eenement compl\u00e8te r\u00e9partie en quatre stations d\u2019exercice<\/strong> sur une distance de 400 m\u00e8tres. Les utilisateurs de tous \u00e2ges d\u00e9couvriront des panneaux explicatifs situ\u00e9s \u00e0 proximit\u00e9 des installations. Ces panneaux sugg\u00e8rent une vari\u00e9t\u00e9 d\u2019\u00e9tirements et d\u2019exercices pour s\u2019\u00e9chauffer, se tonifier et am\u00e9liorer la flexibilit\u00e9.\u00a0\u00bb<\/p>\n<p>&nbsp;<\/p>\n<p>L&#8217;article complet est disponible ici :\u00a0<a href=\"http:\/\/www.lareleve.qc.ca\/nouvelles-installations-intergenerationnelles-au-parc-albini-gemme-de-saint-amable\/\">Nouvelles installations interg\u00e9n\u00e9rationnelles au parc Albini-Gemme de Saint-Amable<\/a><\/p>\n<div id=\"N3b902b7b3bb546d394fb596efbc6d78c_N32faf49f049a4213a4b2be08d345c914_Nb2032d3a1123493f97dacdfc15c75de4_Nc1831dbc13d6493bba69b4945136d83b_N6b45c2fe29574e0fa04591ad5b6094ea_N2670c976d49d4f1fbab7e8bfa6a3cc6f_N0bc29175f0b54e30b1180770b77ceb97_N11ea21046d8c43e9b25233656b3a1436_N9f5fa9e2dace46b3a6f7428da9c1ad5c_Nda79920f91714e1c952130990dd4c618\" class=\"Nda79920f91714e1c952130990dd4c618 complet\" data-staticclassnames=\"Nda79920f91714e1c952130990dd4c618 complet\"><\/div>\n<\/div><\/div><\/div><\/section><section  class=\"section margin_t_60 shadowed2\"><div class=\"row vc_row-fluid\"><div class=\"wpb_column col-md-12 no-padding\"><div class=\"section-text text-block custom-font-text-1777591782-837901308 align-left\"  data-when=\"enter\" data-from=\"0\" data-to=\"0\" data-opacity=\"0\"><h3 class=\"entry-title\">Saint-Hyacinthe, coup de c\u0153ur des Qu\u00e9b\u00e9cois! |\u00a0D\u00e9fi Sant\u00e9<\/h3>\n<hr \/>\n<h4>4 mai 2017 &#8211;\u00a0PAR\u00a0D\u00c9FI SANT\u00c9<\/h4>\n<div id=\"N3b902b7b3bb546d394fb596efbc6d78c_N32faf49f049a4213a4b2be08d345c914_Nb2032d3a1123493f97dacdfc15c75de4_Nc1831dbc13d6493bba69b4945136d83b_N6b45c2fe29574e0fa04591ad5b6094ea_N2670c976d49d4f1fbab7e8bfa6a3cc6f_N0bc29175f0b54e30b1180770b77ceb97_N11ea21046d8c43e9b25233656b3a1436_N9f5fa9e2dace46b3a6f7428da9c1ad5c_Na5bf3cb0a371452ea6be901caec2a501\" class=\"Na5bf3cb0a371452ea6be901caec2a501 intro\" data-staticclassnames=\"Na5bf3cb0a371452ea6be901caec2a501 intro\"><\/div>\n<div id=\"N3b902b7b3bb546d394fb596efbc6d78c_N32faf49f049a4213a4b2be08d345c914_Nb2032d3a1123493f97dacdfc15c75de4_Nc1831dbc13d6493bba69b4945136d83b_N6b45c2fe29574e0fa04591ad5b6094ea_N2670c976d49d4f1fbab7e8bfa6a3cc6f_N0bc29175f0b54e30b1180770b77ceb97_N11ea21046d8c43e9b25233656b3a1436_N9f5fa9e2dace46b3a6f7428da9c1ad5c_Nda79920f91714e1c952130990dd4c618\" class=\"Nda79920f91714e1c952130990dd4c618 complet\" data-staticclassnames=\"Nda79920f91714e1c952130990dd4c618 complet\"><\/div>\n<\/div><img decoding=\"async\"  class=\"align-center\"  src=\"https:\/\/atlasbarz.ca\/wp-content\/uploads\/2016\/12\/StHyacinthe_1.jpg\"  alt=\"StHyacinthe 1 Publications\"  title=\"Publications\" \/><div class=\"section-text text-block custom-font-text-1777591782-1293596361 align-left\"  data-when=\"enter\" data-from=\"0\" data-to=\"0\" data-opacity=\"0\"><p>Pour la premi\u00e8re fois cette ann\u00e9e, les adeptes de la page Facebook du <em>D\u00e9fi Sant\u00e9<\/em> \u00e9taient invit\u00e9s \u00e0 voter pour leur environnement favorable pr\u00e9f\u00e9r\u00e9. Plus de 60 projets ont \u00e9t\u00e9 soumis au vote du public. Saint-Hyacinthe, avec son projet de <strong>Parcours d\u2019entra\u00eenement urbain<\/strong>, remporte tous les suffrages!<\/p>\n<p>&nbsp;<\/p>\n<p>L&#8217;article complet est disponible ici : <a href=\"https:\/\/defisante.ca\/espace-municipalite\/sinspirer\/temoignages-et-exemples-inspirants\/saint-hyacinthe-coup-de-coeur-des\" target=\"_blank\" rel=\"noopener noreferrer\">T\u00e9moignages et exemples inspirants, D\u00e9fi Sant\u00e9<\/a><\/p>\n<div id=\"N3b902b7b3bb546d394fb596efbc6d78c_N32faf49f049a4213a4b2be08d345c914_Nb2032d3a1123493f97dacdfc15c75de4_Nc1831dbc13d6493bba69b4945136d83b_N6b45c2fe29574e0fa04591ad5b6094ea_N2670c976d49d4f1fbab7e8bfa6a3cc6f_N0bc29175f0b54e30b1180770b77ceb97_N11ea21046d8c43e9b25233656b3a1436_N9f5fa9e2dace46b3a6f7428da9c1ad5c_Nda79920f91714e1c952130990dd4c618\" class=\"Nda79920f91714e1c952130990dd4c618 complet\" data-staticclassnames=\"Nda79920f91714e1c952130990dd4c618 complet\"><\/div>\n<\/div><\/div><\/div><\/section><section  class=\"section margin_t_60 shadowed2\"><div class=\"row vc_row-fluid\"><div class=\"wpb_column col-md-12 no-padding\"><div class=\"section-text text-block custom-font-text-1777591782-1923914785 align-left\"  data-when=\"enter\" data-from=\"0\" data-to=\"0\" data-opacity=\"0\"><h3 class=\"entry-title\">Les \u00c9quipements AtlasBarz | Street Workout<\/h3>\n<hr \/>\n<h4>9 novembre 2016 &#8211;\u00a0PAR\u00a0SOPHIE CARON<span data-format=\"\" data-valueashtml=\"False\" data-deleteclassname=\"\" data-hideifvalueequalszero=\"false\" data-broker=\"{&quot;PropertyName&quot;:0,&quot;CustomFieldGuid&quot;:&quot;fa196eeb-9356-fb1b-0035-6ac0373ec3a1&quot;,&quot;ResultValuePropertyName&quot;:&quot;&quot;}\" data-deleteparenttablerow=\"false\" data-deleteparentzone=\"false\" data-considerzeroasempty=\"false\">\u00a0|VIZU<\/span><\/h4>\n<div id=\"N3b902b7b3bb546d394fb596efbc6d78c_N32faf49f049a4213a4b2be08d345c914_Nb2032d3a1123493f97dacdfc15c75de4_Nc1831dbc13d6493bba69b4945136d83b_N6b45c2fe29574e0fa04591ad5b6094ea_N2670c976d49d4f1fbab7e8bfa6a3cc6f_N0bc29175f0b54e30b1180770b77ceb97_N11ea21046d8c43e9b25233656b3a1436_N9f5fa9e2dace46b3a6f7428da9c1ad5c_Na5bf3cb0a371452ea6be901caec2a501\" class=\"Na5bf3cb0a371452ea6be901caec2a501 intro\" data-staticclassnames=\"Na5bf3cb0a371452ea6be901caec2a501 intro\"><\/div>\n<div id=\"N3b902b7b3bb546d394fb596efbc6d78c_N32faf49f049a4213a4b2be08d345c914_Nb2032d3a1123493f97dacdfc15c75de4_Nc1831dbc13d6493bba69b4945136d83b_N6b45c2fe29574e0fa04591ad5b6094ea_N2670c976d49d4f1fbab7e8bfa6a3cc6f_N0bc29175f0b54e30b1180770b77ceb97_N11ea21046d8c43e9b25233656b3a1436_N9f5fa9e2dace46b3a6f7428da9c1ad5c_Nda79920f91714e1c952130990dd4c618\" class=\"Nda79920f91714e1c952130990dd4c618 complet\" data-staticclassnames=\"Nda79920f91714e1c952130990dd4c618 complet\"><\/div>\n<\/div><img decoding=\"async\"  class=\"align-center\"  src=\"https:\/\/atlasbarz.ca\/wp-content\/uploads\/2016\/12\/vizu-station-sport-atlasbarz.jpg\"  alt=\"vizu station sport atlasbarz Publications\"  title=\"Publications\" \/><div class=\"section-text text-block custom-font-text-1777591782-7406983 align-left\"  data-when=\"enter\" data-from=\"0\" data-to=\"0\" data-opacity=\"0\"><h4><\/h4>\n<div id=\"N3b902b7b3bb546d394fb596efbc6d78c_N32faf49f049a4213a4b2be08d345c914_Nb2032d3a1123493f97dacdfc15c75de4_Nc1831dbc13d6493bba69b4945136d83b_N6b45c2fe29574e0fa04591ad5b6094ea_N2670c976d49d4f1fbab7e8bfa6a3cc6f_N0bc29175f0b54e30b1180770b77ceb97_N11ea21046d8c43e9b25233656b3a1436_N9f5fa9e2dace46b3a6f7428da9c1ad5c_Na5bf3cb0a371452ea6be901caec2a501\" class=\"Na5bf3cb0a371452ea6be901caec2a501 intro\" data-staticclassnames=\"Na5bf3cb0a371452ea6be901caec2a501 intro\">\n<div class=\"chapeau\" data-format=\"\" data-valueashtml=\"True\" data-deleteclassname=\"\" data-hideifvalueequalszero=\"false\" data-broker=\"{&quot;PropertyName&quot;:0,&quot;CustomFieldGuid&quot;:&quot;ad7d5a49-3d47-3d92-5ba4-119cb795eff2&quot;,&quot;ResultValuePropertyName&quot;:&quot;&quot;}\" data-deleteparenttablerow=\"false\" data-deleteparentzone=\"false\" data-considerzeroasempty=\"false\">\n<p><strong>Une sortie photo pas banale<\/strong><br \/>\n<strong>\u00e0 la Station <em>AtlasBarz<\/em> \u00e0 St-Hyacinthe.<\/strong><\/p>\n<\/div>\n<\/div>\n<div id=\"N3b902b7b3bb546d394fb596efbc6d78c_N32faf49f049a4213a4b2be08d345c914_Nb2032d3a1123493f97dacdfc15c75de4_Nc1831dbc13d6493bba69b4945136d83b_N6b45c2fe29574e0fa04591ad5b6094ea_N2670c976d49d4f1fbab7e8bfa6a3cc6f_N0bc29175f0b54e30b1180770b77ceb97_N11ea21046d8c43e9b25233656b3a1436_N9f5fa9e2dace46b3a6f7428da9c1ad5c_Nda79920f91714e1c952130990dd4c618\" class=\"Nda79920f91714e1c952130990dd4c618 complet\" data-staticclassnames=\"Nda79920f91714e1c952130990dd4c618 complet\">\n<div id=\"N3b902b7b3bb546d394fb596efbc6d78c_N32faf49f049a4213a4b2be08d345c914_Nb2032d3a1123493f97dacdfc15c75de4_Nc1831dbc13d6493bba69b4945136d83b_N6b45c2fe29574e0fa04591ad5b6094ea_N2670c976d49d4f1fbab7e8bfa6a3cc6f_N0bc29175f0b54e30b1180770b77ceb97_N11ea21046d8c43e9b25233656b3a1436_N9f5fa9e2dace46b3a6f7428da9c1ad5c_Nda79920f91714e1c952130990dd4c618_ctl00_Nfa2f9c739be44ceebd2db2888db3dd54\" class=\"Nfa2f9c739be44ceebd2db2888db3dd54 txt\" data-staticclassnames=\"Nfa2f9c739be44ceebd2db2888db3dd54 txt\">\n<div class=\"ProductBrokerType_RichText\" data-format=\"\" data-valueashtml=\"True\" data-deleteclassname=\"\" data-hideifvalueequalszero=\"false\" data-broker=\"{&quot;PropertyName&quot;:0,&quot;CustomFieldGuid&quot;:&quot;0e4fb5fa-5d33-f65b-b174-92e54c2d5fe1&quot;,&quot;ResultValuePropertyName&quot;:&quot;&quot;}\" data-deleteparenttablerow=\"false\" data-deleteparentzone=\"false\" data-considerzeroasempty=\"false\">\n<p>Le dimanche 6 novembre, il fait beau, tant mieux je vais produire quelques images pour <em>Istockphoto.<\/em><br \/>\nApr\u00e8s une br\u00e8ve documentation, afin de rendre l\u2019activit\u00e9 profitable, je prends la route vers Saint-Hyacinthe<br \/>\net me dirige directement au parc du Bois\u00e9 des Pins, situ\u00e9 tout pr\u00eat du Centre Aquatique Desjardins.<\/p>\n<p><em>Mon int\u00e9r\u00eat est port\u00e9 sur un nouveau produit unique au Qu\u00e9bec.<br \/>\n<\/em>La station d\u2019entrainement urbain de <em><a href=\"http:\/\/atlasbarz.ca\/\">Les \u00c9quipements AtlasBarz.<\/a><br \/>\n<\/em>Produit pens\u00e9 et con\u00e7u \u00e0 Chambly.<\/p>\n<p>Cette station d\u2019entrainement en milieu urbain destin\u00e9e exclusivement aux adultes est intrigante et belle.<br \/>\nBravo \u00e0 la Ville de Saint-Hyacinthe pour cette belle acquisition&#8230;<\/p>\n<p>&nbsp;<\/p>\n<p class=\"TEXTE\">Le signet\u00a0complet est disponible ici :\u00a0<a href=\"http:\/\/vizu.qc.ca\/equipements-atlasbraz-street-workout\/\" target=\"_blank\" rel=\"noopener noreferrer\">Les \u00c9quipements AtlasBarz | Street Workout<\/a><\/p>\n<p class=\"TEXTE\">Les photos sont disponibles ici: <a href=\"http:\/\/www.istockphoto.com\/ca\/fr\/collaboration\/boards\/yeGjXIy6qkeLiYcYMhbBeA\" target=\"_blank\" rel=\"noopener noreferrer\">Station AtlasBarz \u00e0 Saint-Hyacinthe<\/a><\/p>\n<\/div>\n<\/div>\n<\/div>\n<\/div><\/div><\/div><\/section><section  class=\"section padding_t_60 shadowed2\"><div class=\"row vc_row-fluid\"><div class=\"wpb_column col-md-12 no-padding\"><div class=\"section-text text-block custom-font-text-1777591782-526414616 align-left\"  data-when=\"enter\" data-from=\"0\" data-to=\"0\" data-opacity=\"0\"><h3>Un nouveau parcours urbain pour s\u2019entra\u00eener en plein air<\/h3>\n<hr \/>\n<h4>28 juillet 2016 &#8211;\u00a0PAR\u00a0<span data-format=\"\" data-valueashtml=\"False\" data-deleteclassname=\"\" data-hideifvalueequalszero=\"false\" data-broker=\"{&quot;PropertyName&quot;:0,&quot;CustomFieldGuid&quot;:&quot;fa196eeb-9356-fb1b-0035-6ac0373ec3a1&quot;,&quot;ResultValuePropertyName&quot;:&quot;&quot;}\" data-deleteparenttablerow=\"false\" data-deleteparentzone=\"false\" data-considerzeroasempty=\"false\">SARAH DAOUST-BRAUN | LE COURRIER<\/span><\/h4>\n<div id=\"N3b902b7b3bb546d394fb596efbc6d78c_N32faf49f049a4213a4b2be08d345c914_Nb2032d3a1123493f97dacdfc15c75de4_Nc1831dbc13d6493bba69b4945136d83b_N6b45c2fe29574e0fa04591ad5b6094ea_N2670c976d49d4f1fbab7e8bfa6a3cc6f_N0bc29175f0b54e30b1180770b77ceb97_N11ea21046d8c43e9b25233656b3a1436_N9f5fa9e2dace46b3a6f7428da9c1ad5c_Na5bf3cb0a371452ea6be901caec2a501\" class=\"Na5bf3cb0a371452ea6be901caec2a501 intro\" data-staticclassnames=\"Na5bf3cb0a371452ea6be901caec2a501 intro\"><\/div>\n<div id=\"N3b902b7b3bb546d394fb596efbc6d78c_N32faf49f049a4213a4b2be08d345c914_Nb2032d3a1123493f97dacdfc15c75de4_Nc1831dbc13d6493bba69b4945136d83b_N6b45c2fe29574e0fa04591ad5b6094ea_N2670c976d49d4f1fbab7e8bfa6a3cc6f_N0bc29175f0b54e30b1180770b77ceb97_N11ea21046d8c43e9b25233656b3a1436_N9f5fa9e2dace46b3a6f7428da9c1ad5c_Nda79920f91714e1c952130990dd4c618\" class=\"Nda79920f91714e1c952130990dd4c618 complet\" data-staticclassnames=\"Nda79920f91714e1c952130990dd4c618 complet\"><\/div>\n<\/div><img decoding=\"async\"  class=\"align-center\"  src=\"https:\/\/atlasbarz.ca\/wp-content\/uploads\/2016\/12\/parcours-entrainement-plein-air-st-hyacinthe-atlasbarz.jpg\"  alt=\"parcours entrainement plein air st hyacinthe atlasbarz Publications\"  title=\"Publications\" \/><div class=\"section-text text-block custom-font-text-1777591782-675519538 align-left\"  data-when=\"enter\" data-from=\"0\" data-to=\"0\" data-opacity=\"0\"><h4><\/h4>\n<div id=\"N3b902b7b3bb546d394fb596efbc6d78c_N32faf49f049a4213a4b2be08d345c914_Nb2032d3a1123493f97dacdfc15c75de4_Nc1831dbc13d6493bba69b4945136d83b_N6b45c2fe29574e0fa04591ad5b6094ea_N2670c976d49d4f1fbab7e8bfa6a3cc6f_N0bc29175f0b54e30b1180770b77ceb97_N11ea21046d8c43e9b25233656b3a1436_N9f5fa9e2dace46b3a6f7428da9c1ad5c_Na5bf3cb0a371452ea6be901caec2a501\" class=\"Na5bf3cb0a371452ea6be901caec2a501 intro\" data-staticclassnames=\"Na5bf3cb0a371452ea6be901caec2a501 intro\">\n<div class=\"chapeau\" data-format=\"\" data-valueashtml=\"True\" data-deleteclassname=\"\" data-hideifvalueequalszero=\"false\" data-broker=\"{&quot;PropertyName&quot;:0,&quot;CustomFieldGuid&quot;:&quot;ad7d5a49-3d47-3d92-5ba4-119cb795eff2&quot;,&quot;ResultValuePropertyName&quot;:&quot;&quot;}\" data-deleteparenttablerow=\"false\" data-deleteparentzone=\"false\" data-considerzeroasempty=\"false\"><strong><span class=\"INTRO\">Les habitu\u00e9s du parc du Bois des Pins pourront d\u00e9sormais am\u00e9liorer leur forme physique gr\u00e2ce \u00e0 un tout nouveau parcours d\u2019entra\u00eenement urbain, inaugur\u00e9 le 27 juin. La structure, con\u00e7ue par l\u2019entreprise chamblyenne \u00c9quipements AtlasBarz, propose neuf stations d\u2019exercice.<\/span><\/strong><\/div>\n<\/div>\n<div id=\"N3b902b7b3bb546d394fb596efbc6d78c_N32faf49f049a4213a4b2be08d345c914_Nb2032d3a1123493f97dacdfc15c75de4_Nc1831dbc13d6493bba69b4945136d83b_N6b45c2fe29574e0fa04591ad5b6094ea_N2670c976d49d4f1fbab7e8bfa6a3cc6f_N0bc29175f0b54e30b1180770b77ceb97_N11ea21046d8c43e9b25233656b3a1436_N9f5fa9e2dace46b3a6f7428da9c1ad5c_Nda79920f91714e1c952130990dd4c618\" class=\"Nda79920f91714e1c952130990dd4c618 complet\" data-staticclassnames=\"Nda79920f91714e1c952130990dd4c618 complet\">\n<div id=\"N3b902b7b3bb546d394fb596efbc6d78c_N32faf49f049a4213a4b2be08d345c914_Nb2032d3a1123493f97dacdfc15c75de4_Nc1831dbc13d6493bba69b4945136d83b_N6b45c2fe29574e0fa04591ad5b6094ea_N2670c976d49d4f1fbab7e8bfa6a3cc6f_N0bc29175f0b54e30b1180770b77ceb97_N11ea21046d8c43e9b25233656b3a1436_N9f5fa9e2dace46b3a6f7428da9c1ad5c_Nda79920f91714e1c952130990dd4c618_ctl00_Nfa2f9c739be44ceebd2db2888db3dd54\" class=\"Nfa2f9c739be44ceebd2db2888db3dd54 txt\" data-staticclassnames=\"Nfa2f9c739be44ceebd2db2888db3dd54 txt\">\n<div class=\"ProductBrokerType_RichText\" data-format=\"\" data-valueashtml=\"True\" data-deleteclassname=\"\" data-hideifvalueequalszero=\"false\" data-broker=\"{&quot;PropertyName&quot;:0,&quot;CustomFieldGuid&quot;:&quot;0e4fb5fa-5d33-f65b-b174-92e54c2d5fe1&quot;,&quot;ResultValuePropertyName&quot;:&quot;&quot;}\" data-deleteparenttablerow=\"false\" data-deleteparentzone=\"false\" data-considerzeroasempty=\"false\">\n<p class=\"PREMIER\">\u00ab\u00a0C\u2019est un pas de plus pour d\u00e9mocratiser la pratique de l\u2019activit\u00e9 physique\u00a0\u00bb, a soulign\u00e9 le maire de Saint-Hyacinthe, Claude Corbeil, au moment du d\u00e9voilement.<\/p>\n<p class=\"TEXTE\">Le parcours urbain ext\u00e9rieur, qui demeure pour l\u2019instant un projet-pilote, s\u2019inscrit dans le cadre de la Politique citoyenne de la Ville, adopt\u00e9e en 2013, qui vise \u00e0 \u00ab\u00a0rendre disponible des infrastructures et des installations sportives et de plein air appropri\u00e9es\u00a0\u00bb&#8230;<\/p>\n<p class=\"TEXTE\">L&#8217;article complet est disponible ici :\u00a0<a href=\"http:\/\/www.lecourrier.qc.ca\/sports\/sports\/2016\/07\/28\/nouveau-parcours-urbain-entrainer-en-plein-air\/4030\" target=\"_blank\" rel=\"noopener noreferrer\">Un nouveau parcours urbain pour s\u2019entra\u00eener en plein air<\/a><\/p>\n<\/div>\n<\/div>\n<\/div>\n<\/div><\/div><\/div><\/section><section  class=\"section padding_t_60 margin_b_60\"><div class=\"row vc_row-fluid\"><div class=\"wpb_column col-md-12 no-padding\"><div class=\"section-text text-block custom-font-text-1777591782-217881887 align-left\"  data-when=\"enter\" data-from=\"0\" data-to=\"0\" data-opacity=\"0\"><h3 class=\"name post-title entry-title\">Le succ\u00e8s de six entreprises locales c\u00e9l\u00e9br\u00e9<\/h3>\n<hr \/>\n<h4>18 avril 2015 &#8211;\u00a0PAR\u00a0ANNABELLE LECLAIR<span data-format=\"\" data-valueashtml=\"False\" data-deleteclassname=\"\" data-hideifvalueequalszero=\"false\" data-broker=\"{&quot;PropertyName&quot;:0,&quot;CustomFieldGuid&quot;:&quot;fa196eeb-9356-fb1b-0035-6ac0373ec3a1&quot;,&quot;ResultValuePropertyName&quot;:&quot;&quot;}\" data-deleteparenttablerow=\"false\" data-deleteparentzone=\"false\" data-considerzeroasempty=\"false\">\u00a0|\u00a0LAURIER<\/span><\/h4>\n<div id=\"N3b902b7b3bb546d394fb596efbc6d78c_N32faf49f049a4213a4b2be08d345c914_Nb2032d3a1123493f97dacdfc15c75de4_Nc1831dbc13d6493bba69b4945136d83b_N6b45c2fe29574e0fa04591ad5b6094ea_N2670c976d49d4f1fbab7e8bfa6a3cc6f_N0bc29175f0b54e30b1180770b77ceb97_N11ea21046d8c43e9b25233656b3a1436_N9f5fa9e2dace46b3a6f7428da9c1ad5c_Na5bf3cb0a371452ea6be901caec2a501\" class=\"Na5bf3cb0a371452ea6be901caec2a501 intro\" data-staticclassnames=\"Na5bf3cb0a371452ea6be901caec2a501 intro\"><\/div>\n<div id=\"N3b902b7b3bb546d394fb596efbc6d78c_N32faf49f049a4213a4b2be08d345c914_Nb2032d3a1123493f97dacdfc15c75de4_Nc1831dbc13d6493bba69b4945136d83b_N6b45c2fe29574e0fa04591ad5b6094ea_N2670c976d49d4f1fbab7e8bfa6a3cc6f_N0bc29175f0b54e30b1180770b77ceb97_N11ea21046d8c43e9b25233656b3a1436_N9f5fa9e2dace46b3a6f7428da9c1ad5c_Nda79920f91714e1c952130990dd4c618\" class=\"Nda79920f91714e1c952130990dd4c618 complet\" data-staticclassnames=\"Nda79920f91714e1c952130990dd4c618 complet\"><\/div>\n<\/div><img decoding=\"async\"  class=\"align-center\"  src=\"https:\/\/atlasbarz.ca\/wp-content\/uploads\/2016\/12\/laureat-entrepreneuriat-innovation-technique-et-technologique-atlasbarz.jpg\"  alt=\"laureat entrepreneuriat innovation technique et technologique atlasbarz Publications\"  title=\"Publications\" \/><div class=\"section-text text-block custom-font-text-1777591782-101605738 align-left\"  data-when=\"enter\" data-from=\"0\" data-to=\"0\" data-opacity=\"0\"><h4><\/h4>\n<div id=\"N3b902b7b3bb546d394fb596efbc6d78c_N32faf49f049a4213a4b2be08d345c914_Nb2032d3a1123493f97dacdfc15c75de4_Nc1831dbc13d6493bba69b4945136d83b_N6b45c2fe29574e0fa04591ad5b6094ea_N2670c976d49d4f1fbab7e8bfa6a3cc6f_N0bc29175f0b54e30b1180770b77ceb97_N11ea21046d8c43e9b25233656b3a1436_N9f5fa9e2dace46b3a6f7428da9c1ad5c_Na5bf3cb0a371452ea6be901caec2a501\" class=\"Na5bf3cb0a371452ea6be901caec2a501 intro\" data-staticclassnames=\"Na5bf3cb0a371452ea6be901caec2a501 intro\">\n<div class=\"chapeau\" data-format=\"\" data-valueashtml=\"True\" data-deleteclassname=\"\" data-hideifvalueequalszero=\"false\" data-broker=\"{&quot;PropertyName&quot;:0,&quot;CustomFieldGuid&quot;:&quot;ad7d5a49-3d47-3d92-5ba4-119cb795eff2&quot;,&quot;ResultValuePropertyName&quot;:&quot;&quot;}\" data-deleteparenttablerow=\"false\" data-deleteparentzone=\"false\" data-considerzeroasempty=\"false\">\n<p><strong>Six entrepreneurs de la r\u00e9gion se sont vus remettre leur billet pour le volet r\u00e9gional du 17<sup>e<\/sup>Concours qu\u00e9b\u00e9cois en entrepreneuriat. Le volet local, pr\u00e9sent\u00e9 par le Centre local de d\u00e9veloppement (CLD) de la Vall\u00e9e-du-Richelieu, a soulign\u00e9 la r\u00e9ussite des gens d\u2019affaires de la Vall\u00e9e et a mis en lumi\u00e8re l\u2019innovation, l\u2019imagination et la cr\u00e9ativit\u00e9 n\u00e9cessaires pour r\u00e9ussir en affaires.<\/strong><\/p>\n<p>Dix-sept projets avaient \u00e9t\u00e9 d\u00e9pos\u00e9s dans le cadre du volet local du concours. Les membres du jury ont fait leur choix apr\u00e8s avoir rencontr\u00e9 tous les entrepreneurs inscrits dans les diff\u00e9rentes cat\u00e9gories. Les laur\u00e9ats ont \u00e9t\u00e9 annonc\u00e9s le 15 avril dernier.<\/p>\n<p>L\u2019entreprise C\u00f4t\u00e9 Gars, de Mont-Saint-Hilaire, a remport\u00e9 le concours dans la cat\u00e9gorie Commerce; Cr\u00e9ation Natis, de Saint-Mathieu-de-Beloeil, a gagn\u00e9 dans la cat\u00e9gorie Exploitation, transformation et production; et <strong>AtlasBarz, de Chambly, dans la cat\u00e9gorie Innovations technologiques et techniques<\/strong>. C\u2019est JTech m\u00e9canique, de Beloeil, qui a \u00e9t\u00e9 nomm\u00e9e laur\u00e9ate dans la\u00a0 cat\u00e9gorie Services aux entreprises, et Brasseurs du Moulin, de Beloeil, dans la cat\u00e9gorie Services aux individus. Enfin, Imag\u2019eau, de Saint-Mathieu-de-Beloeil, a remport\u00e9 le prix coup de c\u0153ur de la Chambre de commerce et d\u2019industrie Vall\u00e9e-du-Richelieu.<\/p>\n<\/div>\n<\/div>\n<div id=\"N3b902b7b3bb546d394fb596efbc6d78c_N32faf49f049a4213a4b2be08d345c914_Nb2032d3a1123493f97dacdfc15c75de4_Nc1831dbc13d6493bba69b4945136d83b_N6b45c2fe29574e0fa04591ad5b6094ea_N2670c976d49d4f1fbab7e8bfa6a3cc6f_N0bc29175f0b54e30b1180770b77ceb97_N11ea21046d8c43e9b25233656b3a1436_N9f5fa9e2dace46b3a6f7428da9c1ad5c_Nda79920f91714e1c952130990dd4c618\" class=\"Nda79920f91714e1c952130990dd4c618 complet\" data-staticclassnames=\"Nda79920f91714e1c952130990dd4c618 complet\"><\/div>\n<\/div><\/div><\/div><\/section>\n","protected":false},"excerpt":{"rendered":"(Publications below only available in French) D\u00e9voilement des nouvelles installations r\u00e9cr\u00e9atives de Saint-Urbain-Premier 30 ao\u00fbt 2020 - PAR INFOSUROIT.COM SAINT-URBAIN-PREMIER. Un projet polyvalent et accessible \u00ab Le Comit\u00e9 des Loisirs de la\u00a0Municipalit\u00e9 de Saint-Urbain-Premier\u00a0a finalement d\u00e9voil\u00e9 le 30 ao\u00fbt le r\u00e9sultat de plus de deux ans de travail, soit ses toutes nouvelles installations ext\u00e9rieures r\u00e9cr\u00e9atives","protected":false},"author":1,"featured_media":0,"parent":0,"menu_order":0,"comment_status":"closed","ping_status":"closed","template":"","meta":{"footnotes":""},"class_list":["post-4510","page","type-page","status-publish","hentry"],"_links":{"self":[{"href":"https:\/\/atlasbarz.ca\/en\/wp-json\/wp\/v2\/pages\/4510","targetHints":{"allow":["GET"]}}],"collection":[{"href":"https:\/\/atlasbarz.ca\/en\/wp-json\/wp\/v2\/pages"}],"about":[{"href":"https:\/\/atlasbarz.ca\/en\/wp-json\/wp\/v2\/types\/page"}],"author":[{"embeddable":true,"href":"https:\/\/atlasbarz.ca\/en\/wp-json\/wp\/v2\/users\/1"}],"replies":[{"embeddable":true,"href":"https:\/\/atlasbarz.ca\/en\/wp-json\/wp\/v2\/comments?post=4510"}],"version-history":[{"count":62,"href":"https:\/\/atlasbarz.ca\/en\/wp-json\/wp\/v2\/pages\/4510\/revisions"}],"predecessor-version":[{"id":11058,"href":"https:\/\/atlasbarz.ca\/en\/wp-json\/wp\/v2\/pages\/4510\/revisions\/11058"}],"wp:attachment":[{"href":"https:\/\/atlasbarz.ca\/en\/wp-json\/wp\/v2\/media?parent=4510"}],"curies":[{"name":"wp","href":"https:\/\/api.w.org\/{rel}","templated":true}]}}